{"id":27380,"date":"2025-07-10T13:56:30","date_gmt":"2025-07-10T13:56:30","guid":{"rendered":"https:\/\/www.santa-ponsa.fontenille-collection.com\/?page_id=27380"},"modified":"2025-10-28T11:25:18","modified_gmt":"2025-10-28T11:25:18","slug":"yoga-retreat-menorca-santa-ponsa-torre-vella","status":"publish","type":"page","link":"https:\/\/www.santa-ponsa.fontenille-collection.com\/en\/yoga-retreat-menorca-santa-ponsa-torre-vella\/","title":{"rendered":"Yoga"},"content":{"rendered":"\t\t<div data-elementor-type=\"wp-page\" data-elementor-id=\"27380\" class=\"elementor elementor-27380\" data-elementor-settings=\"{&quot;asli_hide_title_disabled&quot;:&quot;yes&quot;}\" data-elementor-post-type=\"page\">\n\t\t\t\t<div class=\"elementor-element elementor-element-51eec8da e-con-full e-flex e-con e-parent\" data-id=\"51eec8da\" data-element_type=\"container\" data-e-type=\"container\">\n\t\t<div class=\"elementor-element elementor-element-59bab738 e-con-full e-flex e-con e-child\" data-id=\"59bab738\" data-element_type=\"container\" data-e-type=\"container\">\n\t\t\t\t<div class=\"elementor-element elementor-element-1b271b29 elementor-widget__width-inherit elementor-widget elementor-widget-asli-widget-parallax-image\" data-id=\"1b271b29\" data-element_type=\"widget\" data-e-type=\"widget\" data-settings=\"{&quot;media_background_height&quot;:{&quot;unit&quot;:&quot;vh&quot;,&quot;size&quot;:100,&quot;sizes&quot;:[]},&quot;media_background_height_tablet&quot;:{&quot;unit&quot;:&quot;vh&quot;,&quot;size&quot;:70,&quot;sizes&quot;:[]},&quot;media_background_height_mobile&quot;:{&quot;unit&quot;:&quot;vh&quot;,&quot;size&quot;:50,&quot;sizes&quot;:[]},&quot;media_background_position_x&quot;:{&quot;unit&quot;:&quot;%&quot;,&quot;size&quot;:50,&quot;sizes&quot;:[]},&quot;media_background_position_x_tablet&quot;:{&quot;unit&quot;:&quot;%&quot;,&quot;size&quot;:50,&quot;sizes&quot;:[]},&quot;media_background_position_x_mobile&quot;:{&quot;unit&quot;:&quot;%&quot;,&quot;size&quot;:50,&quot;sizes&quot;:[]},&quot;media_background_position_y&quot;:{&quot;unit&quot;:&quot;%&quot;,&quot;size&quot;:50,&quot;sizes&quot;:[]},&quot;media_background_position_y_tablet&quot;:{&quot;unit&quot;:&quot;%&quot;,&quot;size&quot;:50,&quot;sizes&quot;:[]},&quot;media_background_position_y_mobile&quot;:{&quot;unit&quot;:&quot;%&quot;,&quot;size&quot;:50,&quot;sizes&quot;:[]}}\" data-widget_type=\"asli-widget-parallax-image.default\">\n\t\t\t\t<div class=\"elementor-widget-container\">\n\t\t\t\t\t\t\t<div class=\"parallax js-parallax\" data-arts-component-name=\"Parallax\" data-arts-component-options=\"{&quot;inner&quot;:{&quot;factor&quot;:{&quot;x&quot;:0,&quot;y&quot;:0.12},&quot;translate&quot;:[],&quot;scale&quot;:[],&quot;rotate&quot;:false,&quot;velocity&quot;:false,&quot;matchMedia&quot;:&quot;(not((min-width: 320px) and (max-width: 767px))) or (not((min-width: 768px) and (max-width: 991px))) or (min-width: 992px)&quot;},&quot;outer&quot;:false}\">\n\t\t\t<div class=\"image-wrapper media-wrapper overflow-hidden\">\n\t\t\t\t\t\t\t\t\t<div class=\"mask-wrapper w-100 overflow-hidden \">\n\t\t\t\t\t\t\n\t<div class=\"w-100 h-100 overflow-hidden\">\n\t\t<img fetchpriority=\"high\" decoding=\"async\" class=\"lazy js-parallax__inner of-cover-absolute\" src=\"data:image\/svg+xml,%3Csvg%20xmlns=&amp;apos;http:\/\/www.w3.org\/2000\/svg&amp;apos;%20width=&amp;apos;100%25&amp;apos;%20height=&amp;apos;100%25&amp;apos;%3E%3C\/svg%3E\" data-src=\"https:\/\/www.santa-ponsa.fontenille-collection.com\/wp-content\/uploads\/2025\/10\/hotel-santa-ponsa-yoga-detente.webp\" width=\"900\" height=\"900\" data-srcset=\"https:\/\/www.santa-ponsa.fontenille-collection.com\/wp-content\/uploads\/2025\/10\/hotel-santa-ponsa-yoga-detente.webp 900w, https:\/\/www.santa-ponsa.fontenille-collection.com\/wp-content\/uploads\/2025\/10\/hotel-santa-ponsa-yoga-detente-300x300.webp 300w, https:\/\/www.santa-ponsa.fontenille-collection.com\/wp-content\/uploads\/2025\/10\/hotel-santa-ponsa-yoga-detente-150x150.webp 150w, https:\/\/www.santa-ponsa.fontenille-collection.com\/wp-content\/uploads\/2025\/10\/hotel-santa-ponsa-yoga-detente-768x768.webp 768w, https:\/\/www.santa-ponsa.fontenille-collection.com\/wp-content\/uploads\/2025\/10\/hotel-santa-ponsa-yoga-detente-12x12.webp 12w\" data-sizes=\"(max-width: 900px) 100vw, 900px\" alt=\"yoga dans le jardin\">\n\t\t\t<noscript><img decoding=\"async\" class=\"lazy js-parallax__inner of-cover-absolute\" src=\"https:\/\/www.santa-ponsa.fontenille-collection.com\/wp-content\/uploads\/2025\/10\/hotel-santa-ponsa-yoga-detente.webp\" width=\"900\" height=\"900\" alt=\"yoga dans le jardin\" srcset=\"https:\/\/www.santa-ponsa.fontenille-collection.com\/wp-content\/uploads\/2025\/10\/hotel-santa-ponsa-yoga-detente.webp 900w, https:\/\/www.santa-ponsa.fontenille-collection.com\/wp-content\/uploads\/2025\/10\/hotel-santa-ponsa-yoga-detente-300x300.webp 300w, https:\/\/www.santa-ponsa.fontenille-collection.com\/wp-content\/uploads\/2025\/10\/hotel-santa-ponsa-yoga-detente-150x150.webp 150w, https:\/\/www.santa-ponsa.fontenille-collection.com\/wp-content\/uploads\/2025\/10\/hotel-santa-ponsa-yoga-detente-768x768.webp 768w, https:\/\/www.santa-ponsa.fontenille-collection.com\/wp-content\/uploads\/2025\/10\/hotel-santa-ponsa-yoga-detente-12x12.webp 12w\" sizes=\"(max-width: 900px) 100vw, 900px\"><\/noscript>\n\t\t\t<\/div>\n\t\t\t\t\t\t<div class=\"section__overlay hover-zoom__overlay overlay\"><\/div>\n\t\t\t\t\t<\/div>\n\t\t\t\t\t\t\t\t\t\t\t<\/div>\n\t\t<\/div>\n\t\t\t\t\t\t<\/div>\n\t\t\t\t<\/div>\n\t\t\t\t<\/div>\n\t\t<div class=\"elementor-element elementor-element-638c41d e-con-full e-flex pt-large pb-medium px-gutters-horizontal e-con e-child\" data-id=\"638c41d\" data-element_type=\"container\" data-e-type=\"container\" data-settings=\"{&quot;background_background&quot;:&quot;classic&quot;}\">\n\t\t\t\t<div class=\"elementor-element elementor-element-30bd1f18 elementor-widget elementor-widget-asli-widget-text-content\" data-id=\"30bd1f18\" data-element_type=\"widget\" data-e-type=\"widget\" data-settings=\"{&quot;max_width&quot;:{&quot;unit&quot;:&quot;px&quot;,&quot;size&quot;:1070,&quot;sizes&quot;:[]},&quot;max_width_tablet&quot;:{&quot;unit&quot;:&quot;%&quot;,&quot;size&quot;:100,&quot;sizes&quot;:[]},&quot;max_width_mobile&quot;:{&quot;unit&quot;:&quot;%&quot;,&quot;size&quot;:100,&quot;sizes&quot;:[]},&quot;text_content_stroke_width&quot;:{&quot;unit&quot;:&quot;%&quot;,&quot;size&quot;:110,&quot;sizes&quot;:[]},&quot;text_content_stroke_height&quot;:{&quot;unit&quot;:&quot;%&quot;,&quot;size&quot;:80,&quot;sizes&quot;:[]},&quot;text_content_stroke_rotation&quot;:{&quot;unit&quot;:&quot;deg&quot;,&quot;size&quot;:-5,&quot;sizes&quot;:[]}}\" data-widget_type=\"asli-widget-text-content.default\">\n\t\t\t\t<div class=\"elementor-widget-container\">\n\t\t\t\t\t\t\t<div class=\"text-center mx-auto content js-content\" data-arts-component-name=\"Content\">\n\t\t\t<h1 class=\"content__text typography-text-content\">Yoga<\/h1>\n\t\t<\/div>\n\t\t\t\t\t\t<\/div>\n\t\t\t\t<\/div>\n\t\t\t\t<div class=\"elementor-element elementor-element-291f1cbe elementor-widget elementor-widget-text-editor\" data-id=\"291f1cbe\" data-element_type=\"widget\" data-e-type=\"widget\" data-widget_type=\"text-editor.default\">\n\t\t\t\t<div class=\"elementor-widget-container\">\n\t\t\t\t\t\t\t\t\t<p><strong>Reconnectez-vous \u00e0 l&rsquo;essentiel avec nos cours de yoga au c\u0153ur de nos deux fincas Santa Ponsa &amp; Torre Vella, tous les mardis, jeudis et samedis \u00e0 9h.\u00a0<\/strong><\/p><p>Au sommet des falaises, sous les oliviers ou en pleine nature luxuriante, laissez-vous guider par nos professeurs pour une session de yoga revitalisante, en parfaite harmonie avec les paysages apaisants de Minorque.<\/p>\t\t\t\t\t\t\t\t<\/div>\n\t\t\t\t<\/div>\n\t\t\t\t<div class=\"elementor-element elementor-element-361cf4e elementor-widget elementor-widget-n-accordion\" data-id=\"361cf4e\" data-element_type=\"widget\" data-e-type=\"widget\" data-settings=\"{&quot;default_state&quot;:&quot;all_collapsed&quot;,&quot;max_items_expended&quot;:&quot;multiple&quot;,&quot;n_accordion_animation_duration&quot;:{&quot;unit&quot;:&quot;ms&quot;,&quot;size&quot;:400,&quot;sizes&quot;:[]}}\" data-widget_type=\"nested-accordion.default\">\n\t\t\t\t<div class=\"elementor-widget-container\">\n\t\t\t\t\t\t\t<div class=\"e-n-accordion\" aria-label=\"Accordion. Open links with Enter or Space, close with Escape, and navigate with Arrow Keys\">\n\t\t\t\t\t\t<details id=\"e-n-accordion-item-5670\" class=\"e-n-accordion-item\" >\n\t\t\t\t<summary class=\"e-n-accordion-item-title\" data-accordion-index=\"1\" tabindex=\"0\" aria-expanded=\"false\" aria-controls=\"e-n-accordion-item-5670\" >\n\t\t\t\t\t<span class='e-n-accordion-item-title-header'><div class=\"e-n-accordion-item-title-text\"> Infos pratiques <\/div><\/span>\n\t\t\t\t\t\t\t<span class='e-n-accordion-item-title-icon'>\n\t\t\t<span class='e-opened' ><svg aria-hidden=\"true\" class=\"e-font-icon-svg e-fas-minus\" viewBox=\"0 0 448 512\" xmlns=\"http:\/\/www.w3.org\/2000\/svg\"><path d=\"M416 208H32c-17.67 0-32 14.33-32 32v32c0 17.67 14.33 32 32 32h384c17.67 0 32-14.33 32-32v-32c0-17.67-14.33-32-32-32z\"><\/path><\/svg><\/span>\n\t\t\t<span class='e-closed'><svg aria-hidden=\"true\" class=\"e-font-icon-svg e-fas-plus\" viewBox=\"0 0 448 512\" xmlns=\"http:\/\/www.w3.org\/2000\/svg\"><path d=\"M416 208H272V64c0-17.67-14.33-32-32-32h-32c-17.67 0-32 14.33-32 32v144H32c-17.67 0-32 14.33-32 32v32c0 17.67 14.33 32 32 32h144v144c0 17.67 14.33 32 32 32h32c17.67 0 32-14.33 32-32V304h144c17.67 0 32-14.33 32-32v-32c0-17.67-14.33-32-32-32z\"><\/path><\/svg><\/span>\n\t\t<\/span>\n\n\t\t\t\t\t\t<\/summary>\n\t\t\t\t<div role=\"region\" aria-labelledby=\"e-n-accordion-item-5670\" class=\"elementor-element elementor-element-cc64e5d e-con-full e-flex e-con e-child\" data-id=\"cc64e5d\" data-element_type=\"container\" data-e-type=\"container\">\n\t\t<div role=\"region\" aria-labelledby=\"e-n-accordion-item-5670\" class=\"elementor-element elementor-element-39a2598 e-con-full e-flex e-con e-child\" data-id=\"39a2598\" data-element_type=\"container\" data-e-type=\"container\">\n\t\t<div role=\"region\" aria-labelledby=\"e-n-accordion-item-5670\" class=\"elementor-element elementor-element-e570f42 e-con-full e-flex e-con e-child\" data-id=\"e570f42\" data-element_type=\"container\" data-e-type=\"container\">\n\t\t\t\t<div class=\"elementor-element elementor-element-9ef2ccb elementor-icon-list--layout-traditional elementor-list-item-link-full_width elementor-widget elementor-widget-icon-list\" data-id=\"9ef2ccb\" data-element_type=\"widget\" data-e-type=\"widget\" data-widget_type=\"icon-list.default\">\n\t\t\t\t<div class=\"elementor-widget-container\">\n\t\t\t\t\t\t\t<ul class=\"elementor-icon-list-items\">\n\t\t\t\t\t\t\t<li class=\"elementor-icon-list-item\">\n\t\t\t\t\t\t\t\t\t\t\t<span class=\"elementor-icon-list-icon\">\n\t\t\t\t\t\t\t<svg aria-hidden=\"true\" class=\"e-font-icon-svg e-fas-euro-sign\" viewBox=\"0 0 320 512\" xmlns=\"http:\/\/www.w3.org\/2000\/svg\"><path d=\"M310.706 413.765c-1.314-6.63-7.835-10.872-14.424-9.369-10.692 2.439-27.422 5.413-45.426 5.413-56.763 0-101.929-34.79-121.461-85.449h113.689a12 12 0 0 0 11.708-9.369l6.373-28.36c1.686-7.502-4.019-14.631-11.708-14.631H115.22c-1.21-14.328-1.414-28.287.137-42.245H261.95a12 12 0 0 0 11.723-9.434l6.512-29.755c1.638-7.484-4.061-14.566-11.723-14.566H130.184c20.633-44.991 62.69-75.03 117.619-75.03 14.486 0 28.564 2.25 37.851 4.145 6.216 1.268 12.347-2.498 14.002-8.623l11.991-44.368c1.822-6.741-2.465-13.616-9.326-14.917C290.217 34.912 270.71 32 249.635 32 152.451 32 74.03 92.252 45.075 176H12c-6.627 0-12 5.373-12 12v29.755c0 6.627 5.373 12 12 12h21.569c-1.009 13.607-1.181 29.287-.181 42.245H12c-6.627 0-12 5.373-12 12v28.36c0 6.627 5.373 12 12 12h30.114C67.139 414.692 145.264 480 249.635 480c26.301 0 48.562-4.544 61.101-7.788 6.167-1.595 10.027-7.708 8.788-13.957l-8.818-44.49z\"><\/path><\/svg>\t\t\t\t\t\t<\/span>\n\t\t\t\t\t\t\t\t\t\t<span class=\"elementor-icon-list-text\">Cours priv\u00e9 sur r\u00e9servation - 90 \u20ac pour deux personnes<\/span>\n\t\t\t\t\t\t\t\t\t<\/li>\n\t\t\t\t\t\t\t\t<li class=\"elementor-icon-list-item\">\n\t\t\t\t\t\t\t\t\t\t\t<span class=\"elementor-icon-list-icon\">\n\t\t\t\t\t\t\t<i aria-hidden=\"true\" class=\"icon icon-143-yoga-pose\"><\/i>\t\t\t\t\t\t<\/span>\n\t\t\t\t\t\t\t\t\t\t<span class=\"elementor-icon-list-text\">S\u00e9ance collective offerte pour les clients h\u00f4tels<\/span>\n\t\t\t\t\t\t\t\t\t<\/li>\n\t\t\t\t\t\t\t\t<li class=\"elementor-icon-list-item\">\n\t\t\t\t\t\t\t\t\t\t\t<span class=\"elementor-icon-list-icon\">\n\t\t\t\t\t\t\t<svg aria-hidden=\"true\" class=\"e-font-icon-svg e-fas-calendar-check\" viewBox=\"0 0 448 512\" xmlns=\"http:\/\/www.w3.org\/2000\/svg\"><path d=\"M436 160H12c-6.627 0-12-5.373-12-12v-36c0-26.51 21.49-48 48-48h48V12c0-6.627 5.373-12 12-12h40c6.627 0 12 5.373 12 12v52h128V12c0-6.627 5.373-12 12-12h40c6.627 0 12 5.373 12 12v52h48c26.51 0 48 21.49 48 48v36c0 6.627-5.373 12-12 12zM12 192h424c6.627 0 12 5.373 12 12v260c0 26.51-21.49 48-48 48H48c-26.51 0-48-21.49-48-48V204c0-6.627 5.373-12 12-12zm333.296 95.947l-28.169-28.398c-4.667-4.705-12.265-4.736-16.97-.068L194.12 364.665l-45.98-46.352c-4.667-4.705-12.266-4.736-16.971-.068l-28.397 28.17c-4.705 4.667-4.736 12.265-.068 16.97l82.601 83.269c4.667 4.705 12.265 4.736 16.97.068l142.953-141.805c4.705-4.667 4.736-12.265.068-16.97z\"><\/path><\/svg>\t\t\t\t\t\t<\/span>\n\t\t\t\t\t\t\t\t\t\t<span class=\"elementor-icon-list-text\">Du 15 avril au 15 octobre <\/span>\n\t\t\t\t\t\t\t\t\t<\/li>\n\t\t\t\t\t\t\t\t<li class=\"elementor-icon-list-item\">\n\t\t\t\t\t\t\t\t\t\t\t<span class=\"elementor-icon-list-icon\">\n\t\t\t\t\t\t\t<i aria-hidden=\"true\" class=\"material-icons mail_outline\"><\/i>\t\t\t\t\t\t<\/span>\n\t\t\t\t\t\t\t\t\t\t<span class=\"elementor-icon-list-text\">Sur r\u00e9servation<\/span>\n\t\t\t\t\t\t\t\t\t<\/li>\n\t\t\t\t\t\t\t\t<li class=\"elementor-icon-list-item\">\n\t\t\t\t\t\t\t\t\t\t\t<span class=\"elementor-icon-list-icon\">\n\t\t\t\t\t\t\t<i aria-hidden=\"true\" class=\"material-icons location_on\"><\/i>\t\t\t\t\t\t<\/span>\n\t\t\t\t\t\t\t\t\t\t<span class=\"elementor-icon-list-text\">Torre Vella &amp; Santa Ponsa <\/span>\n\t\t\t\t\t\t\t\t\t<\/li>\n\t\t\t\t\t\t<\/ul>\n\t\t\t\t\t\t<\/div>\n\t\t\t\t<\/div>\n\t\t\t\t<\/div>\n\t\t\t\t<\/div>\n\t\t\t\t<\/div>\n\t\t\t\t\t<\/details>\n\t\t\t\t\t<\/div>\n\t\t\t\t\t\t<\/div>\n\t\t\t\t<\/div>\n\t\t\t\t<div class=\"elementor-element elementor-element-61b5b867 elementor-align-left elementor-mobile-align-center elementor-widget elementor-widget-asli-widget-button\" data-id=\"61b5b867\" data-element_type=\"widget\" data-e-type=\"widget\" data-settings=\"{&quot;cursor_hover_offset&quot;:{&quot;unit&quot;:&quot;px&quot;,&quot;size&quot;:0,&quot;sizes&quot;:[]},&quot;icon_indent&quot;:{&quot;unit&quot;:&quot;px&quot;,&quot;size&quot;:12,&quot;sizes&quot;:[]}}\" data-widget_type=\"asli-widget-button.regular\">\n\t\t\t\t<div class=\"elementor-widget-container\">\n\t\t\t\t\t\t\t<div class=\"d-inline-flex elementor-button-wrapper\">\n\t\t\t<a class=\"elementor-button button button_icon button_icon-before elementor-button-link elementor-size-sm\" href=\"mailto:reservations@fontenillemenorca.com\">\n\t\t\t\t\t\t<span class=\"button__label button__label-normal\">\n\t\t\t\t\t\t\t<span class=\"button__title elementor-button-text\">Nous Contacter<\/span>\n\t\t\t\t\t\t\t\t\t\t\t\t\t\t\t<span class=\"elementor-button-icon elementor-align-icon-left\">\n\t\t\t\t\t\t\t\t\t<svg aria-hidden=\"true\" class=\"e-font-icon-svg e-far-calendar-check\" viewBox=\"0 0 448 512\" xmlns=\"http:\/\/www.w3.org\/2000\/svg\"><path d=\"M400 64h-48V12c0-6.627-5.373-12-12-12h-40c-6.627 0-12 5.373-12 12v52H160V12c0-6.627-5.373-12-12-12h-40c-6.627 0-12 5.373-12 12v52H48C21.49 64 0 85.49 0 112v352c0 26.51 21.49 48 48 48h352c26.51 0 48-21.49 48-48V112c0-26.51-21.49-48-48-48zm-6 400H54a6 6 0 0 1-6-6V160h352v298a6 6 0 0 1-6 6zm-52.849-200.65L198.842 404.519c-4.705 4.667-12.303 4.637-16.971-.068l-75.091-75.699c-4.667-4.705-4.637-12.303.068-16.971l22.719-22.536c4.705-4.667 12.303-4.637 16.97.069l44.104 44.461 111.072-110.181c4.705-4.667 12.303-4.637 16.971.068l22.536 22.718c4.667 4.705 4.636 12.303-.069 16.97z\"><\/path><\/svg>\t\t\t\t\t\t\t<\/span>\n\t\t\t\t\t\t\t\t\t<\/span>\n\n\t\t<span class=\"button__label button__label-hover\">\n\t\t\t\t\t\t\t<span class=\"button__title elementor-button-text\">Par email<\/span>\n\t\t\t\t\t\t\t\t\t\t\t\t\t\t\t<span class=\"elementor-button-icon elementor-align-icon-left elementor-button-icon elementor-align-icon-left hidden\">\n\t\t\t\t\t\t\t\t\t<svg aria-hidden=\"true\" class=\"e-font-icon-svg e-far-calendar-check\" viewBox=\"0 0 448 512\" xmlns=\"http:\/\/www.w3.org\/2000\/svg\"><path d=\"M400 64h-48V12c0-6.627-5.373-12-12-12h-40c-6.627 0-12 5.373-12 12v52H160V12c0-6.627-5.373-12-12-12h-40c-6.627 0-12 5.373-12 12v52H48C21.49 64 0 85.49 0 112v352c0 26.51 21.49 48 48 48h352c26.51 0 48-21.49 48-48V112c0-26.51-21.49-48-48-48zm-6 400H54a6 6 0 0 1-6-6V160h352v298a6 6 0 0 1-6 6zm-52.849-200.65L198.842 404.519c-4.705 4.667-12.303 4.637-16.971-.068l-75.091-75.699c-4.667-4.705-4.637-12.303.068-16.971l22.719-22.536c4.705-4.667 12.303-4.637 16.97.069l44.104 44.461 111.072-110.181c4.705-4.667 12.303-4.637 16.971.068l22.536 22.718c4.667 4.705 4.636 12.303-.069 16.97z\"><\/path><\/svg>\t\t\t\t\t\t\t<\/span>\n\t\t\t\t\t\t\t\t\t<\/span>\n\t\t\t\t\t<\/a>\n\t\t<\/div>\n\t\t\t\t\t\t<\/div>\n\t\t\t\t<\/div>\n\t\t\t\t<\/div>\n\t\t\t\t<\/div>\n\t\t<section class=\"elementor-element elementor-element-3b1171eb e-flex e-con-boxed pt-medium pb-medium px-gutters-horizontal e-con e-parent\" data-id=\"3b1171eb\" data-element_type=\"container\" data-e-type=\"container\" data-settings=\"{&quot;background_background&quot;:&quot;classic&quot;}\">\n\t\t\t\t\t<div class=\"e-con-inner\">\n\t\t<div class=\"elementor-element elementor-element-6e726a37 e-con-full e-flex e-con e-child\" data-id=\"6e726a37\" data-element_type=\"container\" data-e-type=\"container\">\n\t\t\t\t<div class=\"elementor-element elementor-element-7b77a74a elementor-widget elementor-widget-asli-widget-text-content\" data-id=\"7b77a74a\" data-element_type=\"widget\" data-e-type=\"widget\" data-settings=\"{&quot;max_width&quot;:{&quot;unit&quot;:&quot;px&quot;,&quot;size&quot;:1100,&quot;sizes&quot;:[]},&quot;max_width_tablet&quot;:{&quot;unit&quot;:&quot;%&quot;,&quot;size&quot;:100,&quot;sizes&quot;:[]},&quot;max_width_mobile&quot;:{&quot;unit&quot;:&quot;%&quot;,&quot;size&quot;:100,&quot;sizes&quot;:[]},&quot;text_content_stroke_width&quot;:{&quot;unit&quot;:&quot;%&quot;,&quot;size&quot;:110,&quot;sizes&quot;:[]},&quot;text_content_stroke_height&quot;:{&quot;unit&quot;:&quot;%&quot;,&quot;size&quot;:80,&quot;sizes&quot;:[]},&quot;text_content_stroke_rotation&quot;:{&quot;unit&quot;:&quot;deg&quot;,&quot;size&quot;:-5,&quot;sizes&quot;:[]}}\" data-widget_type=\"asli-widget-text-content.default\">\n\t\t\t\t<div class=\"elementor-widget-container\">\n\t\t\t\t\t\t\t<div class=\"text-start me-auto content js-content\" data-arts-split-text-preset=\"animatedChars\" data-arts-component-name=\"Content\" data-arts-os-animation=\"true\">\n\t\t\t<h2 class=\"content__text typography-text-content\">Harmonie et d\u00e9tente au c\u0153ur des jardins de Santa Ponsa<\/h2>\n\t\t<\/div>\n\t\t\t\t\t\t<\/div>\n\t\t\t\t<\/div>\n\t\t\t\t<div class=\"elementor-element elementor-element-50bc36b8 elementor-widget elementor-widget-text-editor\" data-id=\"50bc36b8\" data-element_type=\"widget\" data-e-type=\"widget\" data-widget_type=\"text-editor.default\">\n\t\t\t\t<div class=\"elementor-widget-container\">\n\t\t\t\t\t\t\t\t\t<p>Au c\u0153ur de la finca historique de Santa Ponsa, le yoga se pratique dans une atmosph\u00e8re paisible et lumineuse, entour\u00e9e de jardins luxuriants m\u00e9diterran\u00e9ens. L\u2019\u00e9nergie du lieu, empreinte d\u2019histoire et de s\u00e9r\u00e9nit\u00e9, invite \u00e0 ralentir et \u00e0 se recentrer. Les s\u00e9ances, ouvertes \u00e0 tous les niveaux, favorisent la connexion entre le corps et l\u2019esprit dans un cadre apaisant, propice \u00e0 la m\u00e9ditation. Ici, le temps semble suspendu, et chaque respiration devient un hommage \u00e0 la nature de Minorque.<\/p>\t\t\t\t\t\t\t\t<\/div>\n\t\t\t\t<\/div>\n\t\t\t\t<\/div>\n\t\t<div class=\"elementor-element elementor-element-203207f6 e-con-full e-flex e-con e-child\" data-id=\"203207f6\" data-element_type=\"container\" data-e-type=\"container\">\n\t\t\t\t<div class=\"elementor-element elementor-element-3e91ddd5 elementor-widget elementor-widget-image-carousel\" data-id=\"3e91ddd5\" data-element_type=\"widget\" data-e-type=\"widget\" data-settings=\"{&quot;slides_to_show&quot;:&quot;1&quot;,&quot;navigation&quot;:&quot;none&quot;,&quot;autoplay_speed&quot;:2500,&quot;effect&quot;:&quot;fade&quot;,&quot;speed&quot;:900,&quot;autoplay&quot;:&quot;yes&quot;,&quot;pause_on_hover&quot;:&quot;yes&quot;,&quot;pause_on_interaction&quot;:&quot;yes&quot;,&quot;infinite&quot;:&quot;yes&quot;}\" data-widget_type=\"image-carousel.default\">\n\t\t\t\t<div class=\"elementor-widget-container\">\n\t\t\t\t\t\t\t<div class=\"elementor-image-carousel-wrapper swiper\" role=\"region\" aria-roledescription=\"carousel\" aria-label=\"Carrousel d\u2019images\" dir=\"ltr\">\n\t\t\t<div class=\"elementor-image-carousel swiper-wrapper\" aria-live=\"off\">\n\t\t\t\t\t\t\t\t<div class=\"swiper-slide\" role=\"group\" aria-roledescription=\"slide\" aria-label=\"1 von 1\"><figure class=\"swiper-slide-inner\"><img decoding=\"async\" class=\"swiper-slide-image\" src=\"https:\/\/www.santa-ponsa.fontenille-collection.com\/wp-content\/uploads\/2025\/10\/hotel-santa-ponsa-cours-de-yoga-768x768.webp\" alt=\"Yoga dans les jardins\" \/><\/figure><\/div>\t\t\t<\/div>\n\t\t\t\t\t<\/div>\n\t\t\t\t\t\t<\/div>\n\t\t\t\t<\/div>\n\t\t\t\t<\/div>\n\t\t\t\t\t<\/div>\n\t\t\t\t<\/section>\n\t\t<section class=\"elementor-element elementor-element-4bf00c0b e-flex e-con-boxed pb-medium px-gutters-horizontal e-con e-parent\" data-id=\"4bf00c0b\" data-element_type=\"container\" data-e-type=\"container\" data-settings=\"{&quot;background_background&quot;:&quot;gradient&quot;}\">\n\t\t\t\t\t<div class=\"e-con-inner\">\n\t\t<div class=\"elementor-element elementor-element-4c0199b0 e-con-full e-flex e-con e-child\" data-id=\"4c0199b0\" data-element_type=\"container\" data-e-type=\"container\">\n\t\t\t\t<div class=\"elementor-element elementor-element-19882ebe elementor-widget elementor-widget-asli-widget-text-content\" data-id=\"19882ebe\" data-element_type=\"widget\" data-e-type=\"widget\" data-settings=\"{&quot;max_width&quot;:{&quot;unit&quot;:&quot;px&quot;,&quot;size&quot;:1100,&quot;sizes&quot;:[]},&quot;max_width_tablet&quot;:{&quot;unit&quot;:&quot;%&quot;,&quot;size&quot;:100,&quot;sizes&quot;:[]},&quot;max_width_mobile&quot;:{&quot;unit&quot;:&quot;%&quot;,&quot;size&quot;:100,&quot;sizes&quot;:[]},&quot;text_content_stroke_width&quot;:{&quot;unit&quot;:&quot;%&quot;,&quot;size&quot;:110,&quot;sizes&quot;:[]},&quot;text_content_stroke_height&quot;:{&quot;unit&quot;:&quot;%&quot;,&quot;size&quot;:80,&quot;sizes&quot;:[]},&quot;text_content_stroke_rotation&quot;:{&quot;unit&quot;:&quot;deg&quot;,&quot;size&quot;:-5,&quot;sizes&quot;:[]}}\" data-widget_type=\"asli-widget-text-content.default\">\n\t\t\t\t<div class=\"elementor-widget-container\">\n\t\t\t\t\t\t\t<div class=\"text-start me-auto content js-content\" data-arts-split-text-preset=\"animatedChars\" data-arts-component-name=\"Content\" data-arts-os-animation=\"true\">\n\t\t\t<h2 class=\"content__text typography-text-content\">L\u2019esprit boh\u00e8me et sauvage de Torre Vella<\/h2>\n\t\t<\/div>\n\t\t\t\t\t\t<\/div>\n\t\t\t\t<\/div>\n\t\t\t\t<div class=\"elementor-element elementor-element-3a3e846a elementor-widget elementor-widget-text-editor\" data-id=\"3a3e846a\" data-element_type=\"widget\" data-e-type=\"widget\" data-widget_type=\"text-editor.default\">\n\t\t\t\t<div class=\"elementor-widget-container\">\n\t\t\t\t\t\t\t\t\t<p>\u00c0 Torre Vella, le yoga se pratique en pleine nature, au c\u0153ur des vignes et des oliveraies dans une ambiance boh\u00e8me et apais\u00e9e. Sur la terrasse face aux collines, chaque s\u00e9ance s\u2019accorde au rythme du vent et de l\u2019art de vivre minorquin. Ce d\u00e9cor sauvage et inspirant invite \u00e0 la d\u00e9connexion, \u00e0 un v\u00e9ritable moment de l\u00e2cher-prise et d\u2019\u00e9quilibre. Loin de tout, Torre Vella offre un retour \u00e0 l\u2019essentiel, o\u00f9 le corps se r\u00e9g\u00e9n\u00e8re et l\u2019esprit s\u2019apaise, port\u00e9 par la beaut\u00e9 brute de l\u2019\u00eele.<\/p>\t\t\t\t\t\t\t\t<\/div>\n\t\t\t\t<\/div>\n\t\t\t\t<div class=\"elementor-element elementor-element-e085387 elementor-align-left elementor-tablet-align-center elementor-mobile-align-center elementor-widget elementor-widget-asli-widget-button\" data-id=\"e085387\" data-element_type=\"widget\" data-e-type=\"widget\" data-settings=\"{&quot;cursor_hover_offset&quot;:{&quot;unit&quot;:&quot;px&quot;,&quot;size&quot;:0,&quot;sizes&quot;:[]},&quot;icon_indent&quot;:{&quot;unit&quot;:&quot;px&quot;,&quot;size&quot;:8,&quot;sizes&quot;:[]}}\" data-widget_type=\"asli-widget-button.regular\">\n\t\t\t\t<div class=\"elementor-widget-container\">\n\t\t\t\t\t\t\t<div class=\"d-inline-flex elementor-button-wrapper\">\n\t\t\t<a class=\"elementor-button button button_icon elementor-button-link elementor-size-sm\" href=\"https:\/\/www.santa-ponsa.fontenille-collection.com\/spa-minorque-acces-journee\/\">\n\t\t\t\t\t\t<span class=\"button__label button__label-normal\">\n\t\t\t\t\t\t\t<span class=\"button__title elementor-button-text\">Day Pass Yoga<\/span>\n\t\t\t\t\t\t\t\t\t\t\t\t\t\t\t\t\t\t\t<\/span>\n\n\t\t<span class=\"button__label button__label-hover\">\n\t\t\t\t\t\t\t<span class=\"button__title elementor-button-text\">D\u00e9couvrir<\/span>\n\t\t\t\t\t\t\t\t\t\t\t\t\t\t\t\t\t\t\t<\/span>\n\t\t\t\t\t<\/a>\n\t\t<\/div>\n\t\t\t\t\t\t<\/div>\n\t\t\t\t<\/div>\n\t\t\t\t<\/div>\n\t\t<div class=\"elementor-element elementor-element-5f023008 e-con-full e-flex e-con e-child\" data-id=\"5f023008\" data-element_type=\"container\" data-e-type=\"container\">\n\t\t\t\t<div class=\"elementor-element elementor-element-7e21aa67 elementor-widget elementor-widget-image-carousel\" data-id=\"7e21aa67\" data-element_type=\"widget\" data-e-type=\"widget\" data-settings=\"{&quot;slides_to_show&quot;:&quot;1&quot;,&quot;navigation&quot;:&quot;none&quot;,&quot;autoplay_speed&quot;:2500,&quot;effect&quot;:&quot;fade&quot;,&quot;speed&quot;:900,&quot;autoplay&quot;:&quot;yes&quot;,&quot;pause_on_hover&quot;:&quot;yes&quot;,&quot;pause_on_interaction&quot;:&quot;yes&quot;,&quot;infinite&quot;:&quot;yes&quot;}\" data-widget_type=\"image-carousel.default\">\n\t\t\t\t<div class=\"elementor-widget-container\">\n\t\t\t\t\t\t\t<div class=\"elementor-image-carousel-wrapper swiper\" role=\"region\" aria-roledescription=\"carousel\" aria-label=\"Carrousel d\u2019images\" dir=\"ltr\">\n\t\t\t<div class=\"elementor-image-carousel swiper-wrapper\" aria-live=\"off\">\n\t\t\t\t\t\t\t\t<div class=\"swiper-slide\" role=\"group\" aria-roledescription=\"slide\" aria-label=\"1 von 1\"><figure class=\"swiper-slide-inner\"><img decoding=\"async\" class=\"swiper-slide-image\" src=\"https:\/\/www.santa-ponsa.fontenille-collection.com\/wp-content\/uploads\/2025\/10\/hotel-santa-ponsa-cous-de-yoga-collectif-768x768.webp\" alt=\"Yoga dans le jardin\" \/><\/figure><\/div>\t\t\t<\/div>\n\t\t\t\t\t<\/div>\n\t\t\t\t\t\t<\/div>\n\t\t\t\t<\/div>\n\t\t\t\t<\/div>\n\t\t\t\t\t<\/div>\n\t\t\t\t<\/section>\n\t\t<div class=\"elementor-element elementor-element-1b4b3c09 e-con-full e-flex pt-xsmall pb-xsmall e-con e-parent\" data-id=\"1b4b3c09\" data-element_type=\"container\" data-e-type=\"container\" data-settings=\"{&quot;background_background&quot;:&quot;classic&quot;,&quot;sticky&quot;:&quot;bottom&quot;,&quot;sticky_on&quot;:[&quot;desktop&quot;,&quot;tablet&quot;,&quot;mobile&quot;],&quot;sticky_offset&quot;:0,&quot;sticky_effects_offset&quot;:0,&quot;sticky_anchor_link_offset&quot;:0}\">\n\t\t\t\t<div class=\"elementor-element elementor-element-41f05e6c elementor-align-left elementor-mobile-align-center elementor-widget elementor-widget-asli-widget-button\" data-id=\"41f05e6c\" data-element_type=\"widget\" data-e-type=\"widget\" data-settings=\"{&quot;cursor_hover_offset&quot;:{&quot;unit&quot;:&quot;px&quot;,&quot;size&quot;:0,&quot;sizes&quot;:[]},&quot;icon_indent&quot;:{&quot;unit&quot;:&quot;px&quot;,&quot;size&quot;:12,&quot;sizes&quot;:[]}}\" data-widget_type=\"asli-widget-button.regular\">\n\t\t\t\t<div class=\"elementor-widget-container\">\n\t\t\t\t\t\t\t<div class=\"d-inline-flex elementor-button-wrapper\">\n\t\t\t<a class=\"elementor-button button button_icon button_icon-before elementor-button-link elementor-size-sm\" href=\"mailto:reservations@fontenillemenorca.com\">\n\t\t\t\t\t\t<span class=\"button__label button__label-normal\">\n\t\t\t\t\t\t\t<span class=\"button__title elementor-button-text\">R\u00e9server<\/span>\n\t\t\t\t\t\t\t\t\t\t\t\t\t\t\t<span class=\"elementor-button-icon elementor-align-icon-left\">\n\t\t\t\t\t\t\t\t\t<svg aria-hidden=\"true\" class=\"e-font-icon-svg e-far-calendar-check\" viewBox=\"0 0 448 512\" xmlns=\"http:\/\/www.w3.org\/2000\/svg\"><path d=\"M400 64h-48V12c0-6.627-5.373-12-12-12h-40c-6.627 0-12 5.373-12 12v52H160V12c0-6.627-5.373-12-12-12h-40c-6.627 0-12 5.373-12 12v52H48C21.49 64 0 85.49 0 112v352c0 26.51 21.49 48 48 48h352c26.51 0 48-21.49 48-48V112c0-26.51-21.49-48-48-48zm-6 400H54a6 6 0 0 1-6-6V160h352v298a6 6 0 0 1-6 6zm-52.849-200.65L198.842 404.519c-4.705 4.667-12.303 4.637-16.971-.068l-75.091-75.699c-4.667-4.705-4.637-12.303.068-16.971l22.719-22.536c4.705-4.667 12.303-4.637 16.97.069l44.104 44.461 111.072-110.181c4.705-4.667 12.303-4.637 16.971.068l22.536 22.718c4.667 4.705 4.636 12.303-.069 16.97z\"><\/path><\/svg>\t\t\t\t\t\t\t<\/span>\n\t\t\t\t\t\t\t\t\t<\/span>\n\n\t\t<span class=\"button__label button__label-hover\">\n\t\t\t\t\t\t\t<span class=\"button__title elementor-button-text\">R\u00e9server<\/span>\n\t\t\t\t\t\t\t\t\t\t\t\t\t\t\t<span class=\"elementor-button-icon elementor-align-icon-left elementor-button-icon elementor-align-icon-left hidden\">\n\t\t\t\t\t\t\t\t\t<svg aria-hidden=\"true\" class=\"e-font-icon-svg e-far-calendar-check\" viewBox=\"0 0 448 512\" xmlns=\"http:\/\/www.w3.org\/2000\/svg\"><path d=\"M400 64h-48V12c0-6.627-5.373-12-12-12h-40c-6.627 0-12 5.373-12 12v52H160V12c0-6.627-5.373-12-12-12h-40c-6.627 0-12 5.373-12 12v52H48C21.49 64 0 85.49 0 112v352c0 26.51 21.49 48 48 48h352c26.51 0 48-21.49 48-48V112c0-26.51-21.49-48-48-48zm-6 400H54a6 6 0 0 1-6-6V160h352v298a6 6 0 0 1-6 6zm-52.849-200.65L198.842 404.519c-4.705 4.667-12.303 4.637-16.971-.068l-75.091-75.699c-4.667-4.705-4.637-12.303.068-16.971l22.719-22.536c4.705-4.667 12.303-4.637 16.97.069l44.104 44.461 111.072-110.181c4.705-4.667 12.303-4.637 16.971.068l22.536 22.718c4.667 4.705 4.636 12.303-.069 16.97z\"><\/path><\/svg>\t\t\t\t\t\t\t<\/span>\n\t\t\t\t\t\t\t\t\t<\/span>\n\t\t\t\t\t<\/a>\n\t\t<\/div>\n\t\t\t\t\t\t<\/div>\n\t\t\t\t<\/div>\n\t\t\t\t<\/div>\n\t\t<div class=\"elementor-element elementor-element-a371fe0 e-con-full e-flex e-con e-parent\" data-id=\"a371fe0\" data-element_type=\"container\" data-e-type=\"container\">\n\t\t<div class=\"elementor-element elementor-element-6147bc1 e-con-full e-flex e-con e-child\" data-id=\"6147bc1\" data-element_type=\"container\" data-e-type=\"container\">\n\t\t<div class=\"elementor-element elementor-element-4bfee1c e-con-full e-flex e-con e-child\" data-id=\"4bfee1c\" data-element_type=\"container\" data-e-type=\"container\" data-settings=\"{&quot;background_background&quot;:&quot;classic&quot;}\">\n\t\t<div class=\"elementor-element elementor-element-ea954d8 e-con-full e-flex e-con e-child\" data-id=\"ea954d8\" data-element_type=\"container\" data-e-type=\"container\">\n\t\t<div class=\"elementor-element elementor-element-d767f6e e-con-full e-flex e-con e-child\" data-id=\"d767f6e\" data-element_type=\"container\" data-e-type=\"container\">\n\t\t\t\t<div class=\"elementor-element elementor-element-01453c7 elementor-cta--skin-cover elementor-cta--valign-middle elementor-animated-content elementor-bg-transform elementor-bg-transform-zoom-in elementor-widget elementor-widget-call-to-action\" data-id=\"01453c7\" data-element_type=\"widget\" data-e-type=\"widget\" data-widget_type=\"call-to-action.default\">\n\t\t\t\t<div class=\"elementor-widget-container\">\n\t\t\t\t\t\t\t<a class=\"elementor-cta\" href=\"https:\/\/www.santa-ponsa.fontenille-collection.com\/decouvrir-santa-ponsa-minorque\/\">\n\t\t\t\t\t<div class=\"elementor-cta__bg-wrapper\">\n\t\t\t\t<div class=\"elementor-cta__bg elementor-bg\" style=\"background-image: url(https:\/\/www.santa-ponsa.fontenille-collection.com\/wp-content\/uploads\/2025\/10\/santa-ponsa-menorca1-1-768x1153.webp);\" role=\"img\" aria-label=\"Santa Ponsa \u00e0 Minorque\"><\/div>\n\t\t\t\t<div class=\"elementor-cta__bg-overlay\"><\/div>\n\t\t\t<\/div>\n\t\t\t\t\t\t\t<div class=\"elementor-cta__content\">\n\t\t\t\t\n\t\t\t\t\t\t\t\t\t<h3 class=\"elementor-cta__title elementor-cta__content-item elementor-content-item elementor-animated-item--move-up\">\n\t\t\t\t\t\tD\u00e9couvrez Santa Ponsa\t\t\t\t\t<\/h3>\n\t\t\t\t\n\t\t\t\t\t\t\t\t\t<h4 class=\"elementor-cta__description elementor-cta__content-item elementor-content-item elementor-animated-item--move-up\">\n\t\t\t\t\t\tVivre \u00e0 l'heure minorquine \t\t\t\t\t<\/h4>\n\t\t\t\t\n\t\t\t\t\t\t\t<\/div>\n\t\t\t\t\t\t<\/a>\n\t\t\t\t\t\t<\/div>\n\t\t\t\t<\/div>\n\t\t\t\t<\/div>\n\t\t<div class=\"elementor-element elementor-element-a57334e e-con-full e-flex e-con e-child\" data-id=\"a57334e\" data-element_type=\"container\" data-e-type=\"container\">\n\t\t\t\t<div class=\"elementor-element elementor-element-568a1be elementor-cta--skin-cover elementor-cta--valign-middle elementor-animated-content elementor-bg-transform elementor-bg-transform-zoom-in elementor-widget elementor-widget-call-to-action\" data-id=\"568a1be\" data-element_type=\"widget\" data-e-type=\"widget\" data-widget_type=\"call-to-action.default\">\n\t\t\t\t<div class=\"elementor-widget-container\">\n\t\t\t\t\t\t\t<a class=\"elementor-cta\" href=\"https:\/\/www.santa-ponsa.fontenille-collection.com\/nos-chambres-et-suites\/\">\n\t\t\t\t\t<div class=\"elementor-cta__bg-wrapper\">\n\t\t\t\t<div class=\"elementor-cta__bg elementor-bg\" style=\"background-image: url(https:\/\/www.santa-ponsa.fontenille-collection.com\/wp-content\/uploads\/2025\/10\/hotel-santa-ponsa-chambre-vue-sur-un-lit-768x768.webp);\" role=\"img\" aria-label=\"Chambre et suite de santa ponsa\"><\/div>\n\t\t\t\t<div class=\"elementor-cta__bg-overlay\"><\/div>\n\t\t\t<\/div>\n\t\t\t\t\t\t\t<div class=\"elementor-cta__content\">\n\t\t\t\t\n\t\t\t\t\t\t\t\t\t<h3 class=\"elementor-cta__title elementor-cta__content-item elementor-content-item elementor-animated-item--move-up\">\n\t\t\t\t\t\tChambres &amp; Suites \t\t\t\t\t<\/h3>\n\t\t\t\t\n\t\t\t\t\t\t\t\t\t<h4 class=\"elementor-cta__description elementor-cta__content-item elementor-content-item elementor-animated-item--move-up\">\n\t\t\t\t\t\tSouvenirs de voyages\t\t\t\t\t<\/h4>\n\t\t\t\t\n\t\t\t\t\t\t\t<\/div>\n\t\t\t\t\t\t<\/a>\n\t\t\t\t\t\t<\/div>\n\t\t\t\t<\/div>\n\t\t\t\t<\/div>\n\t\t<div class=\"elementor-element elementor-element-7784fb0 e-con-full e-flex e-con e-child\" data-id=\"7784fb0\" data-element_type=\"container\" data-e-type=\"container\">\n\t\t\t\t<div class=\"elementor-element elementor-element-1c219e7 elementor-cta--skin-cover elementor-cta--valign-middle elementor-animated-content elementor-bg-transform elementor-bg-transform-zoom-in elementor-widget elementor-widget-call-to-action\" data-id=\"1c219e7\" data-element_type=\"widget\" data-e-type=\"widget\" data-widget_type=\"call-to-action.default\">\n\t\t\t\t<div class=\"elementor-widget-container\">\n\t\t\t\t\t\t\t<a class=\"elementor-cta\" href=\"https:\/\/www.santa-ponsa.fontenille-collection.com\/spa-minorque-retraite-yoga\/\">\n\t\t\t\t\t<div class=\"elementor-cta__bg-wrapper\">\n\t\t\t\t<div class=\"elementor-cta__bg elementor-bg\" style=\"background-image: url(https:\/\/www.santa-ponsa.fontenille-collection.com\/wp-content\/uploads\/2025\/07\/santa-ponsa-spa-citerne-escaliers-jets-pierre-hotel-menorca-iles-baleares-fontenille-3-768x768.webp);\" role=\"img\" aria-label=\"Piscine du spa\"><\/div>\n\t\t\t\t<div class=\"elementor-cta__bg-overlay\"><\/div>\n\t\t\t<\/div>\n\t\t\t\t\t\t\t<div class=\"elementor-cta__content\">\n\t\t\t\t\n\t\t\t\t\t\t\t\t\t<h3 class=\"elementor-cta__title elementor-cta__content-item elementor-content-item elementor-animated-item--move-up\">\n\t\t\t\t\t\tBien-\u00eatre\t\t\t\t\t<\/h3>\n\t\t\t\t\n\t\t\t\t\t\t\t\t\t<h4 class=\"elementor-cta__description elementor-cta__content-item elementor-content-item elementor-animated-item--move-up\">\n\t\t\t\t\t\tRalentir et se ressourcer\t\t\t\t\t<\/h4>\n\t\t\t\t\n\t\t\t\t\t\t\t<\/div>\n\t\t\t\t\t\t<\/a>\n\t\t\t\t\t\t<\/div>\n\t\t\t\t<\/div>\n\t\t\t\t<\/div>\n\t\t<div class=\"elementor-element elementor-element-c882894 e-con-full e-flex e-con e-child\" data-id=\"c882894\" data-element_type=\"container\" data-e-type=\"container\">\n\t\t\t\t<div class=\"elementor-element elementor-element-e8eb4c7 elementor-cta--skin-cover elementor-cta--valign-middle elementor-animated-content elementor-bg-transform elementor-bg-transform-zoom-in elementor-widget elementor-widget-call-to-action\" data-id=\"e8eb4c7\" data-element_type=\"widget\" data-e-type=\"widget\" data-widget_type=\"call-to-action.default\">\n\t\t\t\t<div class=\"elementor-widget-container\">\n\t\t\t\t\t\t\t<a class=\"elementor-cta\" href=\"https:\/\/www.santa-ponsa.fontenille-collection.com\/restaurant-nura-alaior-minorque\/\">\n\t\t\t\t\t<div class=\"elementor-cta__bg-wrapper\">\n\t\t\t\t<div class=\"elementor-cta__bg elementor-bg\" style=\"background-image: url(https:\/\/www.santa-ponsa.fontenille-collection.com\/wp-content\/uploads\/2025\/10\/hotel-santa-ponsa-apero-face-a-la-mer-768x768.webp);\" role=\"img\" aria-label=\"Terrasse avec vue sur mer\"><\/div>\n\t\t\t\t<div class=\"elementor-cta__bg-overlay\"><\/div>\n\t\t\t<\/div>\n\t\t\t\t\t\t\t<div class=\"elementor-cta__content\">\n\t\t\t\t\n\t\t\t\t\t\t\t\t\t<h3 class=\"elementor-cta__title elementor-cta__content-item elementor-content-item elementor-animated-item--move-up\">\n\t\t\t\t\t\tGastronomie\t\t\t\t\t<\/h3>\n\t\t\t\t\n\t\t\t\t\t\t\t\t\t<h4 class=\"elementor-cta__description elementor-cta__content-item elementor-content-item elementor-animated-item--move-up\">\n\t\t\t\t\t\tTable minorquine au c\u0153ur des jardins \t\t\t\t\t<\/h4>\n\t\t\t\t\n\t\t\t\t\t\t\t<\/div>\n\t\t\t\t\t\t<\/a>\n\t\t\t\t\t\t<\/div>\n\t\t\t\t<\/div>\n\t\t\t\t<\/div>\n\t\t\t\t<\/div>\n\t\t\t\t<\/div>\n\t\t\t\t<\/div>\n\t\t\t\t<\/div>\n\t\t\t\t<\/div>\n\t\t","protected":false},"excerpt":{"rendered":"<p>Yoga Reconnectez-vous \u00e0 l&rsquo;essentiel avec nos cours de yoga au c\u0153ur de nos deux fincas Santa Ponsa &amp; Torre Vella, tous les mardis, jeudis et samedis \u00e0 9h.\u00a0 Au sommet des falaises, sous les oliviers ou en pleine nature luxuriante, laissez-vous guider par nos professeurs pour une session de yoga revitalisante, en parfaite harmonie avec [&hellip;]<\/p>\n","protected":false},"author":3,"featured_media":27518,"parent":0,"menu_order":0,"comment_status":"closed","ping_status":"closed","template":"","meta":{"_acf_changed":false,"footnotes":""},"class_list":["post-27380","page","type-page","status-publish","has-post-thumbnail","hentry"],"acf":[],"yoast_head":"<!-- This site is optimized with the Yoast SEO plugin v27.5 - https:\/\/yoast.com\/product\/yoast-seo-wordpress\/ -->\n<title>Cours de Yoga \u00e0 Minorque | H\u00f4tel Santa Ponsa Fontenille Menorca<\/title>\n<meta name=\"description\" content=\"Pratiquez le yoga dans les jardins m\u00e9diterran\u00e9ens de Santa Ponsa. S\u00e9r\u00e9nit\u00e9 et harmonie au c\u0153ur d\u2019une finca historique de Minorque.\" \/>\n<meta name=\"robots\" content=\"index, follow, max-snippet:-1, max-image-preview:large, max-video-preview:-1\" \/>\n<link rel=\"canonical\" href=\"https:\/\/www.santa-ponsa.fontenille-collection.com\/en\/yoga-retreat-menorca-santa-ponsa-torre-vella\/\" \/>\n<meta property=\"og:locale\" content=\"en_US\" \/>\n<meta property=\"og:type\" content=\"article\" \/>\n<meta property=\"og:title\" content=\"Cours de Yoga \u00e0 Minorque | H\u00f4tel Santa Ponsa Fontenille Menorca\" \/>\n<meta property=\"og:description\" content=\"Pratiquez le yoga dans les jardins m\u00e9diterran\u00e9ens de Santa Ponsa. S\u00e9r\u00e9nit\u00e9 et harmonie au c\u0153ur d\u2019une finca historique de Minorque.\" \/>\n<meta property=\"og:url\" content=\"https:\/\/www.santa-ponsa.fontenille-collection.com\/en\/yoga-retreat-menorca-santa-ponsa-torre-vella\/\" \/>\n<meta property=\"og:site_name\" content=\"Santa Ponsa - H\u00f4tel de charme \u00e0 Minorque, Restaurant, Spa &amp; Jardins\" \/>\n<meta property=\"article:modified_time\" content=\"2025-10-28T11:25:18+00:00\" \/>\n<meta property=\"og:image\" content=\"https:\/\/www.santa-ponsa.fontenille-collection.com\/wp-content\/uploads\/2025\/07\/yoga-detente-fontenille-menorca-hotel-santa-ponsa-1.jpg\" \/>\n\t<meta property=\"og:image:width\" content=\"1080\" \/>\n\t<meta property=\"og:image:height\" content=\"1080\" \/>\n\t<meta property=\"og:image:type\" content=\"image\/jpeg\" \/>\n<meta name=\"twitter:card\" content=\"summary_large_image\" \/>\n<meta name=\"twitter:label1\" content=\"Est. reading time\" \/>\n\t<meta name=\"twitter:data1\" content=\"3 minutes\" \/>\n<script type=\"application\/ld+json\" class=\"yoast-schema-graph\">{\"@context\":\"https:\\\/\\\/schema.org\",\"@graph\":[{\"@type\":\"WebPage\",\"@id\":\"https:\\\/\\\/www.santa-ponsa.fontenille-collection.com\\\/sejour-yoga-minorque-santa-ponsa-torre-vella\\\/\",\"url\":\"https:\\\/\\\/www.santa-ponsa.fontenille-collection.com\\\/sejour-yoga-minorque-santa-ponsa-torre-vella\\\/\",\"name\":\"Cours de Yoga \u00e0 Minorque | H\u00f4tel Santa Ponsa Fontenille Menorca\",\"isPartOf\":{\"@id\":\"https:\\\/\\\/www.santa-ponsa.fontenille-collection.com\\\/#website\"},\"primaryImageOfPage\":{\"@id\":\"https:\\\/\\\/www.santa-ponsa.fontenille-collection.com\\\/sejour-yoga-minorque-santa-ponsa-torre-vella\\\/#primaryimage\"},\"image\":{\"@id\":\"https:\\\/\\\/www.santa-ponsa.fontenille-collection.com\\\/sejour-yoga-minorque-santa-ponsa-torre-vella\\\/#primaryimage\"},\"thumbnailUrl\":\"https:\\\/\\\/www.santa-ponsa.fontenille-collection.com\\\/wp-content\\\/uploads\\\/2025\\\/07\\\/yoga-detente-fontenille-menorca-hotel-santa-ponsa-1.jpg\",\"datePublished\":\"2025-07-10T13:56:30+00:00\",\"dateModified\":\"2025-10-28T11:25:18+00:00\",\"description\":\"Pratiquez le yoga dans les jardins m\u00e9diterran\u00e9ens de Santa Ponsa. S\u00e9r\u00e9nit\u00e9 et harmonie au c\u0153ur d\u2019une finca historique de Minorque.\",\"breadcrumb\":{\"@id\":\"https:\\\/\\\/www.santa-ponsa.fontenille-collection.com\\\/sejour-yoga-minorque-santa-ponsa-torre-vella\\\/#breadcrumb\"},\"inLanguage\":\"en-US\",\"potentialAction\":[{\"@type\":\"ReadAction\",\"target\":[\"https:\\\/\\\/www.santa-ponsa.fontenille-collection.com\\\/sejour-yoga-minorque-santa-ponsa-torre-vella\\\/\"]}]},{\"@type\":\"ImageObject\",\"inLanguage\":\"en-US\",\"@id\":\"https:\\\/\\\/www.santa-ponsa.fontenille-collection.com\\\/sejour-yoga-minorque-santa-ponsa-torre-vella\\\/#primaryimage\",\"url\":\"https:\\\/\\\/www.santa-ponsa.fontenille-collection.com\\\/wp-content\\\/uploads\\\/2025\\\/07\\\/yoga-detente-fontenille-menorca-hotel-santa-ponsa-1.jpg\",\"contentUrl\":\"https:\\\/\\\/www.santa-ponsa.fontenille-collection.com\\\/wp-content\\\/uploads\\\/2025\\\/07\\\/yoga-detente-fontenille-menorca-hotel-santa-ponsa-1.jpg\",\"width\":1080,\"height\":1080,\"caption\":\"yoga Santa Ponsa\"},{\"@type\":\"BreadcrumbList\",\"@id\":\"https:\\\/\\\/www.santa-ponsa.fontenille-collection.com\\\/sejour-yoga-minorque-santa-ponsa-torre-vella\\\/#breadcrumb\",\"itemListElement\":[{\"@type\":\"ListItem\",\"position\":1,\"name\":\"Accueil\",\"item\":\"https:\\\/\\\/www.santa-ponsa.fontenille-collection.com\\\/\"},{\"@type\":\"ListItem\",\"position\":2,\"name\":\"Yoga\"}]},{\"@type\":\"WebSite\",\"@id\":\"https:\\\/\\\/www.santa-ponsa.fontenille-collection.com\\\/#website\",\"url\":\"https:\\\/\\\/www.santa-ponsa.fontenille-collection.com\\\/\",\"name\":\"Santa Ponsa - H\u00f4tel de charme \u00e0 Minorque, Restaurant, Spa &amp; Jardins\",\"description\":\"Santa Ponsa, h\u00f4tel de charme \u00e0 Minorque : un ancien palais du XVIIe si\u00e8cle avec restaurant, spa et jardins luxuriants.\",\"publisher\":{\"@id\":\"https:\\\/\\\/www.santa-ponsa.fontenille-collection.com\\\/#organization\"},\"potentialAction\":[{\"@type\":\"SearchAction\",\"target\":{\"@type\":\"EntryPoint\",\"urlTemplate\":\"https:\\\/\\\/www.santa-ponsa.fontenille-collection.com\\\/?s={search_term_string}\"},\"query-input\":{\"@type\":\"PropertyValueSpecification\",\"valueRequired\":true,\"valueName\":\"search_term_string\"}}],\"inLanguage\":\"en-US\"},{\"@type\":\"Organization\",\"@id\":\"https:\\\/\\\/www.santa-ponsa.fontenille-collection.com\\\/#organization\",\"name\":\"Santa Ponsa - H\u00f4tel de charme \u00e0 Minorque, Restaurant, Spa &amp; Jardins\",\"url\":\"https:\\\/\\\/www.santa-ponsa.fontenille-collection.com\\\/\",\"logo\":{\"@type\":\"ImageObject\",\"inLanguage\":\"en-US\",\"@id\":\"https:\\\/\\\/www.santa-ponsa.fontenille-collection.com\\\/#\\\/schema\\\/logo\\\/image\\\/\",\"url\":\"https:\\\/\\\/www.santa-ponsa.fontenille-collection.com\\\/wp-content\\\/uploads\\\/2024\\\/11\\\/Santa-Ponsa-Blanc.png\",\"contentUrl\":\"https:\\\/\\\/www.santa-ponsa.fontenille-collection.com\\\/wp-content\\\/uploads\\\/2024\\\/11\\\/Santa-Ponsa-Blanc.png\",\"width\":648,\"height\":199,\"caption\":\"Santa Ponsa - H\u00f4tel de charme \u00e0 Minorque, Restaurant, Spa &amp; Jardins\"},\"image\":{\"@id\":\"https:\\\/\\\/www.santa-ponsa.fontenille-collection.com\\\/#\\\/schema\\\/logo\\\/image\\\/\"}}]}<\/script>\n<!-- \/ Yoast SEO plugin. -->","yoast_head_json":{"title":"Yoga Classes in Menorca | Hotel Santa Ponsa Fontenille Menorca","description":"Practice yoga in the Mediterranean gardens of Santa Ponsa. Serenity and harmony in the heart of a historic finca in Menorca.","robots":{"index":"index","follow":"follow","max-snippet":"max-snippet:-1","max-image-preview":"max-image-preview:large","max-video-preview":"max-video-preview:-1"},"canonical":"https:\/\/www.santa-ponsa.fontenille-collection.com\/en\/yoga-retreat-menorca-santa-ponsa-torre-vella\/","og_locale":"en_US","og_type":"article","og_title":"Cours de Yoga \u00e0 Minorque | H\u00f4tel Santa Ponsa Fontenille Menorca","og_description":"Pratiquez le yoga dans les jardins m\u00e9diterran\u00e9ens de Santa Ponsa. S\u00e9r\u00e9nit\u00e9 et harmonie au c\u0153ur d\u2019une finca historique de Minorque.","og_url":"https:\/\/www.santa-ponsa.fontenille-collection.com\/en\/yoga-retreat-menorca-santa-ponsa-torre-vella\/","og_site_name":"Santa Ponsa - H\u00f4tel de charme \u00e0 Minorque, Restaurant, Spa &amp; Jardins","article_modified_time":"2025-10-28T11:25:18+00:00","og_image":[{"width":1080,"height":1080,"url":"https:\/\/www.santa-ponsa.fontenille-collection.com\/wp-content\/uploads\/2025\/07\/yoga-detente-fontenille-menorca-hotel-santa-ponsa-1.jpg","type":"image\/jpeg"}],"twitter_card":"summary_large_image","twitter_misc":{"Est. reading time":"3 minutes"},"schema":{"@context":"https:\/\/schema.org","@graph":[{"@type":"WebPage","@id":"https:\/\/www.santa-ponsa.fontenille-collection.com\/sejour-yoga-minorque-santa-ponsa-torre-vella\/","url":"https:\/\/www.santa-ponsa.fontenille-collection.com\/sejour-yoga-minorque-santa-ponsa-torre-vella\/","name":"Yoga Classes in Menorca | Hotel Santa Ponsa Fontenille Menorca","isPartOf":{"@id":"https:\/\/www.santa-ponsa.fontenille-collection.com\/#website"},"primaryImageOfPage":{"@id":"https:\/\/www.santa-ponsa.fontenille-collection.com\/sejour-yoga-minorque-santa-ponsa-torre-vella\/#primaryimage"},"image":{"@id":"https:\/\/www.santa-ponsa.fontenille-collection.com\/sejour-yoga-minorque-santa-ponsa-torre-vella\/#primaryimage"},"thumbnailUrl":"https:\/\/www.santa-ponsa.fontenille-collection.com\/wp-content\/uploads\/2025\/07\/yoga-detente-fontenille-menorca-hotel-santa-ponsa-1.jpg","datePublished":"2025-07-10T13:56:30+00:00","dateModified":"2025-10-28T11:25:18+00:00","description":"Practice yoga in the Mediterranean gardens of Santa Ponsa. Serenity and harmony in the heart of a historic finca in Menorca.","breadcrumb":{"@id":"https:\/\/www.santa-ponsa.fontenille-collection.com\/sejour-yoga-minorque-santa-ponsa-torre-vella\/#breadcrumb"},"inLanguage":"en-US","potentialAction":[{"@type":"ReadAction","target":["https:\/\/www.santa-ponsa.fontenille-collection.com\/sejour-yoga-minorque-santa-ponsa-torre-vella\/"]}]},{"@type":"ImageObject","inLanguage":"en-US","@id":"https:\/\/www.santa-ponsa.fontenille-collection.com\/sejour-yoga-minorque-santa-ponsa-torre-vella\/#primaryimage","url":"https:\/\/www.santa-ponsa.fontenille-collection.com\/wp-content\/uploads\/2025\/07\/yoga-detente-fontenille-menorca-hotel-santa-ponsa-1.jpg","contentUrl":"https:\/\/www.santa-ponsa.fontenille-collection.com\/wp-content\/uploads\/2025\/07\/yoga-detente-fontenille-menorca-hotel-santa-ponsa-1.jpg","width":1080,"height":1080,"caption":"yoga Santa Ponsa"},{"@type":"BreadcrumbList","@id":"https:\/\/www.santa-ponsa.fontenille-collection.com\/sejour-yoga-minorque-santa-ponsa-torre-vella\/#breadcrumb","itemListElement":[{"@type":"ListItem","position":1,"name":"Accueil","item":"https:\/\/www.santa-ponsa.fontenille-collection.com\/"},{"@type":"ListItem","position":2,"name":"Yoga"}]},{"@type":"WebSite","@id":"https:\/\/www.santa-ponsa.fontenille-collection.com\/#website","url":"https:\/\/www.santa-ponsa.fontenille-collection.com\/","name":"Santa Ponsa - Charming hotel in Menorca, Restaurant, Spa &amp; Gardens","description":"Santa Ponsa, a charming hotel in Menorca: a 17th-century palace with restaurant, spa and lush gardens.","publisher":{"@id":"https:\/\/www.santa-ponsa.fontenille-collection.com\/#organization"},"potentialAction":[{"@type":"SearchAction","target":{"@type":"EntryPoint","urlTemplate":"https:\/\/www.santa-ponsa.fontenille-collection.com\/?s={search_term_string}"},"query-input":{"@type":"PropertyValueSpecification","valueRequired":true,"valueName":"search_term_string"}}],"inLanguage":"en-US"},{"@type":"Organization","@id":"https:\/\/www.santa-ponsa.fontenille-collection.com\/#organization","name":"Santa Ponsa - Charming hotel in Menorca, Restaurant, Spa &amp; Gardens","url":"https:\/\/www.santa-ponsa.fontenille-collection.com\/","logo":{"@type":"ImageObject","inLanguage":"en-US","@id":"https:\/\/www.santa-ponsa.fontenille-collection.com\/#\/schema\/logo\/image\/","url":"https:\/\/www.santa-ponsa.fontenille-collection.com\/wp-content\/uploads\/2024\/11\/Santa-Ponsa-Blanc.png","contentUrl":"https:\/\/www.santa-ponsa.fontenille-collection.com\/wp-content\/uploads\/2024\/11\/Santa-Ponsa-Blanc.png","width":648,"height":199,"caption":"Santa Ponsa - H\u00f4tel de charme \u00e0 Minorque, Restaurant, Spa &amp; Jardins"},"image":{"@id":"https:\/\/www.santa-ponsa.fontenille-collection.com\/#\/schema\/logo\/image\/"}}]}},"_links":{"self":[{"href":"https:\/\/www.santa-ponsa.fontenille-collection.com\/en\/wp-json\/wp\/v2\/pages\/27380","targetHints":{"allow":["GET"]}}],"collection":[{"href":"https:\/\/www.santa-ponsa.fontenille-collection.com\/en\/wp-json\/wp\/v2\/pages"}],"about":[{"href":"https:\/\/www.santa-ponsa.fontenille-collection.com\/en\/wp-json\/wp\/v2\/types\/page"}],"author":[{"embeddable":true,"href":"https:\/\/www.santa-ponsa.fontenille-collection.com\/en\/wp-json\/wp\/v2\/users\/3"}],"replies":[{"embeddable":true,"href":"https:\/\/www.santa-ponsa.fontenille-collection.com\/en\/wp-json\/wp\/v2\/comments?post=27380"}],"version-history":[{"count":31,"href":"https:\/\/www.santa-ponsa.fontenille-collection.com\/en\/wp-json\/wp\/v2\/pages\/27380\/revisions"}],"predecessor-version":[{"id":29224,"href":"https:\/\/www.santa-ponsa.fontenille-collection.com\/en\/wp-json\/wp\/v2\/pages\/27380\/revisions\/29224"}],"wp:featuredmedia":[{"embeddable":true,"href":"https:\/\/www.santa-ponsa.fontenille-collection.com\/en\/wp-json\/wp\/v2\/media\/27518"}],"wp:attachment":[{"href":"https:\/\/www.santa-ponsa.fontenille-collection.com\/en\/wp-json\/wp\/v2\/media?parent=27380"}],"curies":[{"name":"wp","href":"https:\/\/api.w.org\/{rel}","templated":true}]}}